{"id":19355,"date":"2023-05-10T22:00:10","date_gmt":"2023-05-10T20:00:10","guid":{"rendered":"https:\/\/location-vacances-andalousie.com\/suite-clem\/"},"modified":"2026-01-05T17:00:34","modified_gmt":"2026-01-05T16:00:34","slug":"suite-clem","status":"publish","type":"page","link":"https:\/\/location-vacances-andalousie.com\/es\/suite-clem\/","title":{"rendered":"Suite Clem"},"content":{"rendered":"<p>[et_pb_section fb_built=\u00bb1&#8243; admin_label=\u00bbHeader\u00bb _builder_version=\u00bb4.21.0&#8243; use_background_color_gradient=\u00bbon\u00bb background_color_gradient_type=\u00bbcircular\u00bb background_color_gradient_direction_radial=\u00bbtop left\u00bb background_color_gradient_stops=\u00bbrgba(255,255,255,0.89) 30%|rgba(255,255,255,0) 80%\u00bb background_color_gradient_overlays_image=\u00bbon\u00bb background_color_gradient_start=\u00bbrgba(255,255,255,0.89)\u00bb background_color_gradient_start_position=\u00bb30%\u00bb background_color_gradient_end=\u00bbrgba(255,255,255,0)\u00bb background_color_gradient_end_position=\u00bb80%\u00bb background_image=\u00bbhttps:\/\/location-vacances-andalousie.com\/wp-content\/uploads\/2023\/05\/habitacionchambre-clem-1-scaled.jpg\u00bb custom_padding=\u00bb150px|0px|150px|0px|true|false\u00bb locked=\u00bboff\u00bb global_colors_info=\u00bb{}\u00bb][et_pb_row _builder_version=\u00bb4.16&#8243; global_colors_info=\u00bb{}\u00bb][et_pb_column type=\u00bb4_4&#8243; _builder_version=\u00bb4.16&#8243; custom_padding=\u00bb|||\u00bb global_colors_info=\u00bb{}\u00bb custom_padding__hover=\u00bb|||\u00bb][et_pb_text _builder_version=\u00bb4.16&#8243; text_font=\u00bb||||||||\u00bb header_font=\u00bbRaleway|700|||||||\u00bb header_font_size=\u00bb80px\u00bb header_line_height=\u00bb1.2em\u00bb header_5_font=\u00bbRaleway|700||on|||||\u00bb header_5_text_color=\u00bb#681E34&#8243; header_5_font_size=\u00bb20px\u00bb header_5_letter_spacing=\u00bb0.5em\u00bb header_5_line_height=\u00bb1.8em\u00bb animation_style=\u00bbzoom\u00bb animation_intensity_zoom=\u00bb5%\u00bb header_font_size_tablet=\u00bb48px\u00bb header_font_size_phone=\u00bb32px\u00bb header_font_size_last_edited=\u00bbon|phone\u00bb header_5_font_size_tablet=\u00bb14px\u00bb header_5_font_size_phone=\u00bb12px\u00bb header_5_font_size_last_edited=\u00bbon|desktop\u00bb global_colors_info=\u00bb{}\u00bb]<\/p>\n<h5>espacio, lujo y terraza privada<\/h5>\n<h1>Suite de lujo<\/h1>\n<h2><strong>Suite Clem<\/strong><\/h2>\n<p>&nbsp;<\/p>\n<p>[\/et_pb_text][\/et_pb_column][\/et_pb_row][\/et_pb_section][et_pb_section fb_built=\u00bb1&#8243; admin_label=\u00bbRoom Details\u00bb _builder_version=\u00bb4.16&#8243; locked=\u00bboff\u00bb global_colors_info=\u00bb{}\u00bb][et_pb_row column_structure=\u00bb3_5,2_5&#8243; _builder_version=\u00bb4.16&#8243; global_colors_info=\u00bb{}\u00bb][et_pb_column type=\u00bb3_5&#8243; _builder_version=\u00bb4.16&#8243; custom_padding=\u00bb|||\u00bb global_colors_info=\u00bb{}\u00bb custom_padding__hover=\u00bb|||\u00bb][et_pb_text _builder_version=\u00bb4.16&#8243; text_font=\u00bb||||||||\u00bb text_font_size=\u00bb16px\u00bb text_line_height=\u00bb2em\u00bb header_font=\u00bb||||||||\u00bb header_2_font=\u00bbRaleway|700|||||||\u00bb header_2_font_size=\u00bb50px\u00bb header_2_line_height=\u00bb1.2em\u00bb header_6_font=\u00bbRaleway|700||on|||||\u00bb header_6_font_size=\u00bb16px\u00bb header_6_letter_spacing=\u00bb5px\u00bb header_6_line_height=\u00bb1.2em\u00bb max_width=\u00bb700px\u00bb max_width_last_edited=\u00bboff|desktop\u00bb header_2_font_size_tablet=\u00bb35px\u00bb header_2_font_size_phone=\u00bb25px\u00bb header_2_font_size_last_edited=\u00bbon|phone\u00bb global_colors_info=\u00bb{}\u00bb]<\/p>\n<p>Situada en una agradable zona residencial de El Puerto, nuestra casa de hu\u00e9spedes le ofrece 1 lujosa suite con una gran terraza privada y una hermosa vista. <\/p>\n<p>Casa de Vicky ofrece todas las comodidades necesarias para que su estancia sea memorable. El peque\u00f1o jard\u00edn de recreo, la piscina y la zona de bar y barbacoa est\u00e1n a su disposici\u00f3n durante su estancia.<\/p>\n<p style=\"text-align: justify;\">Para un confort \u00f3ptimo, la habitaci\u00f3n est\u00e1 climatizada (fr\u00edo y calor). El aparcamiento en la calle es gratuito.<\/p>\n<p style=\"text-align: justify;\">La Casa de Vicky es el punto de partida ideal para descubrir las distintas facetas de Andaluc\u00eda y los diferentes lugares que la componen.<\/p>\n<p style=\"text-align: justify;\">\n<p>[\/et_pb_text][\/et_pb_column][et_pb_column type=\u00bb2_5&#8243; _builder_version=\u00bb4.16&#8243; custom_padding=\u00bb|||\u00bb global_colors_info=\u00bb{}\u00bb custom_padding__hover=\u00bb|||\u00bb][et_pb_text _builder_version=\u00bb4.21.0&#8243; header_4_font=\u00bbRaleway|700|||||||\u00bb header_4_font_size=\u00bb20px\u00bb header_4_line_height=\u00bb1.4em\u00bb global_colors_info=\u00bb{}\u00bb]<\/p>\n<h4>Descripci\u00f3n<\/h4>\n<ul>\n<li><span style=\"font-size: 14px;\">Suite de lujo de 28 m\u00b2 con aire acondicionado<\/span><\/li>\n<li><span style=\"font-size: 14px;\">Terraza privada de 35m\u00b2 con bonitas vistas<\/span><\/li>\n<li><span style=\"font-size: 14px;\">1 cama doble<\/span><\/li>\n<li><span style=\"font-size: 14px;\">1 sof\u00e1 cama<\/span><\/li>\n<li>Televisi\u00f3n<span style=\"font-size: 14px;\"><\/span><\/li>\n<li>minibar<\/li>\n<li>Wi-fi<\/li>\n<li>Ducha privada<\/li>\n<li>Toallas y s\u00e1banas<\/li>\n<li>Accesorios de playa<\/li>\n<li>Acceso al jard\u00edn, piscina y bar de la Casa de Vicky<\/li>\n<li>Para su tranquilidad y la de sus vecinos, no se permiten las fiestas<\/li>\n<li><span style=\"text-decoration: underline;\">Adem\u00e1s<\/span>, posibilidad de:\n<ul>\n<li>Desayuno<\/li>\n<li>Transporte privado desde\/hacia el aeropuerto<\/li>\n<li>Transporte privado desde\/hacia Jerez<\/li>\n<li>Visitas guiadas&#8230;<\/li>\n<\/ul>\n<\/li>\n<\/ul>\n<p>[\/et_pb_text][\/et_pb_column][\/et_pb_row][et_pb_row _builder_version=\u00bb4.16&#8243; _module_preset=\u00bbdefault\u00bb global_colors_info=\u00bb{}\u00bb][et_pb_column type=\u00bb4_4&#8243; _builder_version=\u00bb4.16&#8243; _module_preset=\u00bbdefault\u00bb global_colors_info=\u00bb{}\u00bb][et_pb_divider color=\u00bb#FDC307&#8243; divider_style=\u00bbdashed\u00bb _builder_version=\u00bb4.16&#8243; _module_preset=\u00bbdefault\u00bb global_colors_info=\u00bb{}\u00bb][\/et_pb_divider][\/et_pb_column][\/et_pb_row][et_pb_row _builder_version=\u00bb4.21.0&#8243; _module_preset=\u00bbdefault\u00bb global_colors_info=\u00bb{}\u00bb][et_pb_column type=\u00bb4_4&#8243; _builder_version=\u00bb4.21.0&#8243; _module_preset=\u00bbdefault\u00bb global_colors_info=\u00bb{}\u00bb][et_pb_text _builder_version=\u00bb4.21.0&#8243; _module_preset=\u00bbdefault\u00bb custom_margin=\u00bb||20px||false|false\u00bb global_colors_info=\u00bb{}\u00bb]<\/p>\n<h2><strong>Suite Clem<\/strong><\/h2>\n<p>[\/et_pb_text][et_pb_gallery gallery_ids=\u00bb19590,19587,19584,19578,19575,19572,57217,57220&#8243; show_title_and_caption=\u00bboff\u00bb _builder_version=\u00bb4.27.2&#8243; _module_preset=\u00bbdefault\u00bb global_colors_info=\u00bb{}\u00bb][\/et_pb_gallery][et_pb_text _builder_version=\u00bb4.21.0&#8243; _module_preset=\u00bbdefault\u00bb global_colors_info=\u00bb{}\u00bb]<\/p>\n<h4><strong>Disponibilidad &#8211; Suite Clem<\/strong><\/h4>\n<p>[\/et_pb_text][mphb-divi-availability-calendar id=\u00bb19273&#8243; _builder_version=\u00bb4.21.0&#8243; _module_preset=\u00bbdefault\u00bb global_colors_info=\u00bb{}\u00bb][\/mphb-divi-availability-calendar][\/et_pb_column][\/et_pb_row][et_pb_row _builder_version=\u00bb4.16&#8243; _module_preset=\u00bbdefault\u00bb global_colors_info=\u00bb{}\u00bb][et_pb_column type=\u00bb4_4&#8243; _builder_version=\u00bb4.16&#8243; _module_preset=\u00bbdefault\u00bb global_colors_info=\u00bb{}\u00bb][et_pb_divider color=\u00bb#FDC307&#8243; divider_style=\u00bbdashed\u00bb _builder_version=\u00bb4.16&#8243; _module_preset=\u00bbdefault\u00bb global_colors_info=\u00bb{}\u00bb][\/et_pb_divider][\/et_pb_column][\/et_pb_row][et_pb_row column_structure=\u00bb1_2,1_2&#8243; _builder_version=\u00bb4.16&#8243; _module_preset=\u00bbdefault\u00bb global_colors_info=\u00bb{}\u00bb][et_pb_column type=\u00bb1_2&#8243; _builder_version=\u00bb4.16&#8243; _module_preset=\u00bbdefault\u00bb global_colors_info=\u00bb{}\u00bb][et_pb_text _builder_version=\u00bb4.24.2&#8243; header_4_font=\u00bbRaleway|700|||||||\u00bb header_4_font_size=\u00bb20px\u00bb header_4_line_height=\u00bb1.4em\u00bb global_colors_info=\u00bb{}\u00bb]<\/p>\n<h4>662026 Tarifs et Dispositions<\/h4>\n<p><strong>Temporada baja (del 1 de noviembre al 30 de abril)<\/strong><\/p>\n<ul>\n<li>1 noche como m\u00ednimo<strong><\/strong><\/li>\n<li>a partir de 70\u20ac la noche<\/li>\n<\/ul>\n<p><strong>temporada alta (du 1 juillet au 31 aout)<\/strong><strong><\/strong><\/p>\n<ul>\n<li>2 noches como m\u00ednimo<\/li>\n<\/ul>\n<p><strong>Periodos especiales<\/strong><\/p>\n<ul>\n<li>especial Moto GP : 24 abril a 26 abril \/DISPONIBLE<\/li>\n<li>Precio \/Por noche\/4 personas \/2 noches min:349\u20ac<\/li>\n<li>ponte en contacto con nosotros via el numero 640763685 o en el sitio web<\/li>\n<li>Sp\u00e9cial Feria<\/li>\n<li>Puro latino:Disponible , 3 nuits minimum , pour 4 personnes<\/li>\n<li>Carnaval de C\u00e1diz<\/li>\n<li>&#8230;<\/li>\n<\/ul>\n<p><strong>Otras disposiciones<\/strong><\/p>\n<ul>\n<li>check-in \u00e0 partir de 16h<\/li>\n<li>Salida hasta las 12h<\/li>\n<li>No se permiten fiestas en la habitaci\u00f3n<\/li>\n<li>posibilidad de desayuno<\/li>\n<\/ul>\n<p>&nbsp;<\/p>\n<p>[\/et_pb_text][\/et_pb_column][et_pb_column type=\u00bb1_2&#8243; _builder_version=\u00bb4.16&#8243; _module_preset=\u00bbdefault\u00bb global_colors_info=\u00bb{}\u00bb][et_pb_text _builder_version=\u00bb4.17.4&#8243; _module_preset=\u00bbdefault\u00bb global_colors_info=\u00bb{}\u00bb]<\/p>\n<h4><strong>Direcci\u00f3n<\/strong><\/h4>\n<p><span>C. Virgen del Rocio, 11500 Campi\u00f1a-Serrano, C\u00e1diz, Espa\u00f1a<\/span><\/p>\n<p>[\/et_pb_text][et_pb_code _builder_version=\u00bb4.16&#8243; _module_preset=\u00bbdefault\u00bb global_colors_info=\u00bb{}\u00bb]<iframe src=\"https:\/\/www.google.com\/maps\/embed?pb=!1m18!1m12!1m3!1d3201.9169951358444!2d-6.243726649235875!3d36.62838457988606!2m3!1f0!2f0!3f0!3m2!1i1024!2i768!4f13.1!3m3!1m2!1s0xd0ddbd9d687c893%3A0x35bafd52ead239e9!2scasa%20de%20vicky!5e0!3m2!1sfr!2sbe!4v1648224689184!5m2!1sfr!2sbe\" width=\"600\" height=\"450\" style=\"border:0;\" allowfullscreen=\"\" loading=\"lazy\" referrerpolicy=\"no-referrer-when-downgrade\"><\/iframe>[\/et_pb_code][et_pb_code _builder_version=\u00bb4.16&#8243; _module_preset=\u00bbdefault\u00bb global_colors_info=\u00bb{}\u00bb][\/et_pb_code][\/et_pb_column][\/et_pb_row][et_pb_row _builder_version=\u00bb4.16&#8243; _module_preset=\u00bbdefault\u00bb global_colors_info=\u00bb{}\u00bb][et_pb_column type=\u00bb4_4&#8243; _builder_version=\u00bb4.16&#8243; _module_preset=\u00bbdefault\u00bb global_colors_info=\u00bb{}\u00bb][et_pb_divider color=\u00bb#FDC307&#8243; divider_style=\u00bbdashed\u00bb _builder_version=\u00bb4.16&#8243; _module_preset=\u00bbdefault\u00bb global_colors_info=\u00bb{}\u00bb][\/et_pb_divider][\/et_pb_column][\/et_pb_row][et_pb_row _builder_version=\u00bb4.17.6&#8243; _module_preset=\u00bbdefault\u00bb global_colors_info=\u00bb{}\u00bb][et_pb_column type=\u00bb4_4&#8243; _builder_version=\u00bb4.17.6&#8243; _module_preset=\u00bbdefault\u00bb global_colors_info=\u00bb{}\u00bb][et_pb_gallery gallery_ids=\u00bb739,741,743,745,747,749,751,753,755,757&#8243; show_title_and_caption=\u00bboff\u00bb _builder_version=\u00bb4.17.6&#8243; _module_preset=\u00bbdefault\u00bb global_colors_info=\u00bb{}\u00bb][\/et_pb_gallery][\/et_pb_column][\/et_pb_row][\/et_pb_section][et_pb_section fb_built=\u00bb1&#8243; module_id=\u00bbbook\u00bb _builder_version=\u00bb4.16&#8243; _module_preset=\u00bbdefault\u00bb background_color=\u00bbrgba(253,195,7,0.17)\u00bb locked=\u00bboff\u00bb global_colors_info=\u00bb{}\u00bb][et_pb_row _builder_version=\u00bb4.16&#8243; _module_preset=\u00bbdefault\u00bb custom_padding=\u00bb||50px||false|false\u00bb global_colors_info=\u00bb{}\u00bb][et_pb_column type=\u00bb4_4&#8243; _builder_version=\u00bb4.16&#8243; _module_preset=\u00bbdefault\u00bb global_colors_info=\u00bb{}\u00bb][et_pb_text _builder_version=\u00bb4.16&#8243; _module_preset=\u00bbdefault\u00bb custom_margin=\u00bb||20px||false|false\u00bb global_colors_info=\u00bb{}\u00bb]<\/p>\n<h2><strong>Reservar alojamiento<\/strong><\/h2>\n<p>[\/et_pb_text][mphb-divi-availability-search form_style=\u00bbhorizontal-center\u00bb _builder_version=\u00bb4.16&#8243; _module_preset=\u00bbdefault\u00bb global_colors_info=\u00bb{}\u00bb][\/mphb-divi-availability-search][\/et_pb_column][\/et_pb_row][\/et_pb_section][et_pb_section fb_built=\u00bb1&#8243; admin_label=\u00bbAmenities\u00bb _builder_version=\u00bb4.16&#8243; background_color=\u00bb#ffffff\u00bb max_width=\u00bb90%\u00bb max_width_tablet=\u00bb\u00bb max_width_phone=\u00bb100%\u00bb max_width_last_edited=\u00bbon|phone\u00bb custom_margin=\u00bb||||false|false\u00bb border_color_all=\u00bb#ffffff\u00bb border_width_left=\u00bb10vw\u00bb locked=\u00bboff\u00bb global_colors_info=\u00bb{}\u00bb][et_pb_row _builder_version=\u00bb4.16&#8243; locked=\u00bboff\u00bb global_colors_info=\u00bb{}\u00bb][et_pb_column type=\u00bb4_4&#8243; _builder_version=\u00bb4.16&#8243; custom_padding=\u00bb|||\u00bb global_colors_info=\u00bb{}\u00bb custom_padding__hover=\u00bb|||\u00bb][et_pb_text _builder_version=\u00bb4.16&#8243; text_font=\u00bb||||||||\u00bb text_font_size=\u00bb16px\u00bb text_line_height=\u00bb2em\u00bb header_font=\u00bb||||||||\u00bb header_2_font=\u00bbRaleway|700|||||||\u00bb header_2_font_size=\u00bb50px\u00bb header_2_line_height=\u00bb1.2em\u00bb header_6_font=\u00bbRaleway|700||on|||||\u00bb header_6_text_color=\u00bb#681E34&#8243; header_6_font_size=\u00bb16px\u00bb header_6_letter_spacing=\u00bb5px\u00bb header_6_line_height=\u00bb1.8em\u00bb max_width=\u00bb512px\u00bb max_width_last_edited=\u00bboff|desktop\u00bb header_2_font_size_tablet=\u00bb35px\u00bb header_2_font_size_phone=\u00bb25px\u00bb header_2_font_size_last_edited=\u00bbon|phone\u00bb global_colors_info=\u00bb{}\u00bb]<\/p>\n<h6>Informaci\u00f3n \u00fatil<\/h6>\n<h2>Condiciones espec\u00edficas<\/h2>\n<p>[\/et_pb_text][\/et_pb_column][\/et_pb_row][et_pb_row column_structure=\u00bb1_2,1_2&#8243; _builder_version=\u00bb4.16&#8243; custom_margin=\u00bb5px|auto||auto||\u00bb custom_padding=\u00bb60px|||\u00bb border_color_all=\u00bb#f5f5f5&#8243; border_width_top=\u00bb2px\u00bb locked=\u00bboff\u00bb global_colors_info=\u00bb{}\u00bb][et_pb_column type=\u00bb1_2&#8243; _builder_version=\u00bb4.16&#8243; custom_padding=\u00bb|||\u00bb global_colors_info=\u00bb{}\u00bb custom_padding__hover=\u00bb|||\u00bb][et_pb_blurb title=\u00bbRegistro de entrada y salida\u00bb _builder_version=\u00bb4.16&#8243; header_level=\u00bbh5&#8243; header_font=\u00bbRaleway|700|||||||\u00bb header_font_size=\u00bb20px\u00bb header_line_height=\u00bb1.2em\u00bb body_font=\u00bb||||||||\u00bb body_line_height=\u00bb2em\u00bb custom_margin=\u00bb||10px|\u00bb global_colors_info=\u00bb{}\u00bb]<\/p>\n<p>Le check-in se fera \u00e0 partir de 16h et le check-out jusqu&#8217;\u00e0 midi. En caso de problemas, inf\u00f3rmenos lo antes posible.<\/p>\n<p>[\/et_pb_blurb][et_pb_blurb title=\u00bbRespeto por el medio ambiente\u00bb _builder_version=\u00bb4.16&#8243; header_level=\u00bbh5&#8243; header_font=\u00bbRaleway|700|||||||\u00bb header_font_size=\u00bb20px\u00bb header_line_height=\u00bb1.2em\u00bb body_font=\u00bb||||||||\u00bb body_line_height=\u00bb2em\u00bb custom_margin=\u00bb30px||10px||false|false\u00bb locked=\u00bboff\u00bb global_colors_info=\u00bb{}\u00bb]<\/p>\n<p>Para su comodidad y la de sus vecinos, se han definido normas de uso de los locales. Estas normas se aplican desde el principio hasta el final de la estancia:<\/p>\n<ul>\n<li>Est\u00e1 prohibido fumar en las zonas interiores.<\/li>\n<li>No se admiten animales<\/li>\n<li>No se permiten hacer fiestas en la habitaci\u00f3n<\/li>\n<li>Se permite un m\u00e1ximo de 2 personas por habitaci\u00f3n.<\/li>\n<li>Adulte only.<\/li>\n<li>S\u00f3lo las personas registradas est\u00e1n autorizadas en la casa de Vicky<\/li>\n<li>La cocina exterior, as\u00ed como la parrilla, est\u00e1n a su disposici\u00f3n de manera aut\u00f3noma, y despu\u00e9s de su uso deben ser devueltas al estado en que se encontraron.<\/li>\n<li>No se permiten alimentos ni bebidas en la piscina. <\/li>\n<\/ul>\n<p>[\/et_pb_blurb][\/et_pb_column][et_pb_column type=\u00bb1_2&#8243; _builder_version=\u00bb4.16&#8243; custom_padding=\u00bb|||\u00bb global_colors_info=\u00bb{}\u00bb custom_padding__hover=\u00bb|||\u00bb][et_pb_blurb title=\u00bbPol\u00edtica de cancelaci\u00f3n\u00bb _builder_version=\u00bb4.16&#8243; header_level=\u00bbh5&#8243; header_font=\u00bbRaleway|700|||||||\u00bb header_font_size=\u00bb20px\u00bb header_line_height=\u00bb1.2em\u00bb body_font=\u00bb||||||||\u00bb body_line_height=\u00bb2em\u00bb custom_margin=\u00bb||10px|\u00bb global_colors_info=\u00bb{}\u00bb]<\/p>\n<p>A veces es necesario cancelar un viaje. Hemos optado por una pol\u00edtica de cancelaci\u00f3n respetuosa con el viajero y los anfitriones:<\/p>\n<p>cancelacion posible con 8 dias de antelacion antes el dia de la entrada S\u00f3lo se retendr\u00e1 una tasa administrativa de 15 euros.<\/p>\n<p>NO REEMBOLSABLE POR LAS FECHAS DE moto gp Y DE puro latino.<\/p>\n<p>[\/et_pb_blurb][\/et_pb_column][\/et_pb_row][\/et_pb_section][et_pb_section fb_built=\u00bb1&#8243; admin_label=\u00bbTestimonials\u00bb _builder_version=\u00bb4.16&#8243; use_background_color_gradient=\u00bbon\u00bb background_color_gradient_stops=\u00bbrgba(106,125,140,0.5) 0%|#6a7d8c 100%\u00bb background_color_gradient_overlays_image=\u00bbon\u00bb background_color_gradient_start=\u00bbrgba(106,125,140,0.5)\u00bb background_color_gradient_end=\u00bb#6a7d8c\u00bb background_image=\u00bbhttps:\/\/location-vacances-andalousie.com\/wp-content\/uploads\/2022\/01\/bed-and-breakfast-17.jpg\u00bb custom_padding=\u00bb8vw|0px|8vw|0px|true|false\u00bb locked=\u00bboff\u00bb global_colors_info=\u00bb{}\u00bb][et_pb_row _builder_version=\u00bb4.16&#8243; global_colors_info=\u00bb{}\u00bb][et_pb_column type=\u00bb4_4&#8243; _builder_version=\u00bb4.16&#8243; custom_padding=\u00bb|||\u00bb global_colors_info=\u00bb{}\u00bb custom_padding__hover=\u00bb|||\u00bb][et_pb_testimonial author=\u00bbCarl Dufour\u00bb portrait_url=\u00bbhttps:\/\/location-vacances-andalousie.com\/wp-content\/uploads\/2022\/01\/Carl-Dufour.jpeg\u00bb quote_icon=\u00bboff\u00bb _builder_version=\u00bb4.16&#8243; body_font=\u00bbRaleway||on||||||\u00bb body_font_size=\u00bb16px\u00bb body_line_height=\u00bb1.6em\u00bb use_background_color=\u00bboff\u00bb background_layout=\u00bbdark\u00bb max_width=\u00bb600px\u00bb module_alignment=\u00bbcenter\u00bb custom_margin_tablet=\u00bb|40px||40px||true\u00bb animation_style=\u00bbslide\u00bb animation_direction=\u00bbbottom\u00bb animation_intensity_slide=\u00bb5%\u00bb box_shadow_style_image=\u00bbpreset1&#8243; box_shadow_vertical_image=\u00bb10px\u00bb box_shadow_blur_image=\u00bb60px\u00bb box_shadow_spread_image=\u00bb10px\u00bb global_colors_info=\u00bb{}\u00bb]<\/p>\n<div class=\"et_pb_testimonial_description_inner\">\n<div class=\"et_pb_testimonial_content\">\n<p>Maravilloso lugar, anfitriones muy acogedores que conocen todos los lugares adecuados para ir a excursiones incre\u00edbles y restaurantes locales baratos. Nunca olvidar\u00e9 la magn\u00edfica velada con tem\u00e1tica flamenca<\/p>\n<\/div>\n<\/div>\n<p>[\/et_pb_testimonial][\/et_pb_column][\/et_pb_row][\/et_pb_section]<\/p>\n","protected":false},"excerpt":{"rendered":"<p>espacio, lujo y terraza privada Suite de lujo Suite Clem &nbsp;Situada en una agradable zona residencial de El Puerto, nuestra casa de hu\u00e9spedes le ofrece 1 lujosa suite con una gran terraza privada y una hermosa vista. Casa de Vicky ofrece todas las comodidades necesarias para que su estancia sea memorable. El peque\u00f1o jard\u00edn de [&hellip;]<\/p>\n","protected":false},"author":1,"featured_media":0,"parent":0,"menu_order":0,"comment_status":"closed","ping_status":"closed","template":"","meta":{"_et_pb_use_builder":"on","_et_pb_old_content":"","_et_gb_content_width":"","footnotes":""},"yoast_head":"<!-- This site is optimized with the Yoast SEO plugin v23.5 - https:\/\/yoast.com\/wordpress\/plugins\/seo\/ -->\n<title>Suite Clem - La Casa de Vicky<\/title>\n<meta name=\"robots\" content=\"index, follow, max-snippet:-1, max-image-preview:large, max-video-preview:-1\" \/>\n<link rel=\"canonical\" href=\"https:\/\/location-vacances-andalousie.com\/es\/suite-clem\/\" \/>\n<meta property=\"og:locale\" content=\"es_ES\" \/>\n<meta property=\"og:type\" content=\"article\" \/>\n<meta property=\"og:title\" content=\"Suite Clem - La Casa de Vicky\" \/>\n<meta property=\"og:description\" content=\"espacio, lujo y terraza privada Suite de lujo Suite Clem &nbsp;Situada en una agradable zona residencial de El Puerto, nuestra casa de hu\u00e9spedes le ofrece 1 lujosa suite con una gran terraza privada y una hermosa vista. Casa de Vicky ofrece todas las comodidades necesarias para que su estancia sea memorable. El peque\u00f1o jard\u00edn de [&hellip;]\" \/>\n<meta property=\"og:url\" content=\"https:\/\/location-vacances-andalousie.com\/es\/suite-clem\/\" \/>\n<meta property=\"og:site_name\" content=\"La Casa de Vicky\" \/>\n<meta property=\"article:modified_time\" content=\"2026-01-05T16:00:34+00:00\" \/>\n<meta name=\"twitter:card\" content=\"summary_large_image\" \/>\n<meta name=\"twitter:label1\" content=\"Tiempo de lectura\" \/>\n\t<meta name=\"twitter:data1\" content=\"10 minutos\" \/>\n<script type=\"application\/ld+json\" class=\"yoast-schema-graph\">{\"@context\":\"https:\/\/schema.org\",\"@graph\":[{\"@type\":\"WebPage\",\"@id\":\"https:\/\/location-vacances-andalousie.com\/es\/suite-clem\/\",\"url\":\"https:\/\/location-vacances-andalousie.com\/es\/suite-clem\/\",\"name\":\"Suite Clem - La Casa de Vicky\",\"isPartOf\":{\"@id\":\"https:\/\/location-vacances-andalousie.com\/#website\"},\"datePublished\":\"2023-05-10T20:00:10+00:00\",\"dateModified\":\"2026-01-05T16:00:34+00:00\",\"breadcrumb\":{\"@id\":\"https:\/\/location-vacances-andalousie.com\/es\/suite-clem\/#breadcrumb\"},\"inLanguage\":\"es\",\"potentialAction\":[{\"@type\":\"ReadAction\",\"target\":[\"https:\/\/location-vacances-andalousie.com\/es\/suite-clem\/\"]}]},{\"@type\":\"BreadcrumbList\",\"@id\":\"https:\/\/location-vacances-andalousie.com\/es\/suite-clem\/#breadcrumb\",\"itemListElement\":[{\"@type\":\"ListItem\",\"position\":1,\"name\":\"Accueil\",\"item\":\"https:\/\/location-vacances-andalousie.com\/es\/inicio\/\"},{\"@type\":\"ListItem\",\"position\":2,\"name\":\"Suite Clem\"}]},{\"@type\":\"WebSite\",\"@id\":\"https:\/\/location-vacances-andalousie.com\/#website\",\"url\":\"https:\/\/location-vacances-andalousie.com\/\",\"name\":\"La Casa de Vicky\",\"description\":\"Location Vacances Andalousie\",\"potentialAction\":[{\"@type\":\"SearchAction\",\"target\":{\"@type\":\"EntryPoint\",\"urlTemplate\":\"https:\/\/location-vacances-andalousie.com\/?s={search_term_string}\"},\"query-input\":{\"@type\":\"PropertyValueSpecification\",\"valueRequired\":true,\"valueName\":\"search_term_string\"}}],\"inLanguage\":\"es\"}]}<\/script>\n<!-- \/ Yoast SEO plugin. -->","yoast_head_json":{"title":"Suite Clem - La Casa de Vicky","robots":{"index":"index","follow":"follow","max-snippet":"max-snippet:-1","max-image-preview":"max-image-preview:large","max-video-preview":"max-video-preview:-1"},"canonical":"https:\/\/location-vacances-andalousie.com\/es\/suite-clem\/","og_locale":"es_ES","og_type":"article","og_title":"Suite Clem - La Casa de Vicky","og_description":"espacio, lujo y terraza privada Suite de lujo Suite Clem &nbsp;Situada en una agradable zona residencial de El Puerto, nuestra casa de hu\u00e9spedes le ofrece 1 lujosa suite con una gran terraza privada y una hermosa vista. Casa de Vicky ofrece todas las comodidades necesarias para que su estancia sea memorable. El peque\u00f1o jard\u00edn de [&hellip;]","og_url":"https:\/\/location-vacances-andalousie.com\/es\/suite-clem\/","og_site_name":"La Casa de Vicky","article_modified_time":"2026-01-05T16:00:34+00:00","twitter_card":"summary_large_image","twitter_misc":{"Tiempo de lectura":"10 minutos"},"schema":{"@context":"https:\/\/schema.org","@graph":[{"@type":"WebPage","@id":"https:\/\/location-vacances-andalousie.com\/es\/suite-clem\/","url":"https:\/\/location-vacances-andalousie.com\/es\/suite-clem\/","name":"Suite Clem - La Casa de Vicky","isPartOf":{"@id":"https:\/\/location-vacances-andalousie.com\/#website"},"datePublished":"2023-05-10T20:00:10+00:00","dateModified":"2026-01-05T16:00:34+00:00","breadcrumb":{"@id":"https:\/\/location-vacances-andalousie.com\/es\/suite-clem\/#breadcrumb"},"inLanguage":"es","potentialAction":[{"@type":"ReadAction","target":["https:\/\/location-vacances-andalousie.com\/es\/suite-clem\/"]}]},{"@type":"BreadcrumbList","@id":"https:\/\/location-vacances-andalousie.com\/es\/suite-clem\/#breadcrumb","itemListElement":[{"@type":"ListItem","position":1,"name":"Accueil","item":"https:\/\/location-vacances-andalousie.com\/es\/inicio\/"},{"@type":"ListItem","position":2,"name":"Suite Clem"}]},{"@type":"WebSite","@id":"https:\/\/location-vacances-andalousie.com\/#website","url":"https:\/\/location-vacances-andalousie.com\/","name":"La Casa de Vicky","description":"Location Vacances Andalousie","potentialAction":[{"@type":"SearchAction","target":{"@type":"EntryPoint","urlTemplate":"https:\/\/location-vacances-andalousie.com\/?s={search_term_string}"},"query-input":{"@type":"PropertyValueSpecification","valueRequired":true,"valueName":"search_term_string"}}],"inLanguage":"es"}]}},"_links":{"self":[{"href":"https:\/\/location-vacances-andalousie.com\/es\/wp-json\/wp\/v2\/pages\/19355"}],"collection":[{"href":"https:\/\/location-vacances-andalousie.com\/es\/wp-json\/wp\/v2\/pages"}],"about":[{"href":"https:\/\/location-vacances-andalousie.com\/es\/wp-json\/wp\/v2\/types\/page"}],"author":[{"embeddable":true,"href":"https:\/\/location-vacances-andalousie.com\/es\/wp-json\/wp\/v2\/users\/1"}],"replies":[{"embeddable":true,"href":"https:\/\/location-vacances-andalousie.com\/es\/wp-json\/wp\/v2\/comments?post=19355"}],"version-history":[{"count":20,"href":"https:\/\/location-vacances-andalousie.com\/es\/wp-json\/wp\/v2\/pages\/19355\/revisions"}],"predecessor-version":[{"id":65321,"href":"https:\/\/location-vacances-andalousie.com\/es\/wp-json\/wp\/v2\/pages\/19355\/revisions\/65321"}],"wp:attachment":[{"href":"https:\/\/location-vacances-andalousie.com\/es\/wp-json\/wp\/v2\/media?parent=19355"}],"curies":[{"name":"wp","href":"https:\/\/api.w.org\/{rel}","templated":true}]}}